{"id":1471,"date":"2024-10-23T08:48:28","date_gmt":"2024-10-23T06:48:28","guid":{"rendered":"https:\/\/terrazza.hr\/?page_id=1471"},"modified":"2025-10-01T00:01:34","modified_gmt":"2025-09-30T22:01:34","slug":"sol-kitchen","status":"publish","type":"page","link":"https:\/\/terrazza.hr\/de\/sol-kitchen\/","title":{"rendered":"Sol K\u00fcche"},"content":{"rendered":"\n<div class=\"wp-block-group SmallNavMargin ProductHeroImg ticss-03628a53 has-global-padding is-content-justification-right is-layout-constrained wp-container-core-group-is-layout-f1f2ed93 wp-block-group-is-layout-constrained\">\n<figure class=\"wp-block-image size-full ticss-7eccc086\"><img decoding=\"async\" src=\"data:image\/gif;base64,R0lGODlhAQABAIAAAAAAAP\/\/\/yH5BAEAAAAALAAAAAABAAEAAAIBRAA7\" data-src=\"https:\/\/terrazza.hr\/wp-content\/uploads\/2024\/12\/Terrazza-final-014-scaled.jpg\" alt=\"\" class=\"wp-image-1901 lazyload\" title=\"\"\/><noscript><img decoding=\"async\" width=\"1280\" height=\"1920\" src=\"https:\/\/terrazza.hr\/wp-content\/uploads\/2024\/12\/Terrazza-final-014-scaled.jpg\" alt=\"\" class=\"wp-image-1901 lazyload\" title=\"\" srcset=\"https:\/\/terrazza.hr\/wp-content\/uploads\/2024\/12\/Terrazza-final-014-scaled.jpg 1280w, https:\/\/terrazza.hr\/wp-content\/uploads\/2024\/12\/Terrazza-final-014-200x300.jpg 200w, https:\/\/terrazza.hr\/wp-content\/uploads\/2024\/12\/Terrazza-final-014-683x1024.jpg 683w, https:\/\/terrazza.hr\/wp-content\/uploads\/2024\/12\/Terrazza-final-014-768x1152.jpg 768w, https:\/\/terrazza.hr\/wp-content\/uploads\/2024\/12\/Terrazza-final-014-1024x1536.jpg 1024w, https:\/\/terrazza.hr\/wp-content\/uploads\/2024\/12\/Terrazza-final-014-1365x2048.jpg 1365w\" sizes=\"(max-width: 1280px) 100vw, 1280px\" \/><\/noscript><\/figure>\n<\/div>\n\n\n\n<div class=\"wp-block-group has-global-padding is-layout-constrained wp-block-group-is-layout-constrained\">\n<h2 class=\"wp-block-heading ProductNameH2 SmallNavMargin\" style=\"padding-top:var(--wp--preset--spacing--10);padding-bottom:var(--wp--preset--spacing--10)\">Sol \/ <a href=\"https:\/\/konfigurator.terrazza.hr\/steps\/terrazza\/undefined\/shopping-cart-step\/configurator-step\/844\/undefined\/three-product-configuration-step\"><mark style=\"background-color:rgba(0, 0, 0, 0);color:#ffae00\" class=\"has-inline-color\">Konfigurieren<\/mark><\/a><\/h2>\n\n\n\n<div id=\"wp-block-themeisle-blocks-accordion-04d084ee\" data-has-schema=\"false\" class=\"wp-block-themeisle-blocks-accordion exclusive has-gap has-icon has-open-icon ticss-4e162ddd\">\n<details class=\"wp-block-themeisle-blocks-accordion-item\"><summary class=\"wp-block-themeisle-blocks-accordion-item__title\"><div>Abmessungen<\/div><\/summary><div class=\"wp-block-themeisle-blocks-accordion-item__content\">\n<div class=\"wp-block-group is-layout-flex wp-container-core-group-is-layout-0b6bb185 wp-block-group-is-layout-flex\" style=\"padding-top:70px;padding-bottom:80px\">\n<div class=\"wp-block-group is-vertical is-layout-flex wp-container-core-group-is-layout-0bc941e6 wp-block-group-is-layout-flex\">\n<figure class=\"wp-block-image size-full\"><img decoding=\"async\" src=\"data:image\/gif;base64,R0lGODlhAQABAIAAAAAAAP\/\/\/yH5BAEAAAAALAAAAAABAAEAAAIBRAA7\" data-src=\"https:\/\/terrazza.hr\/wp-content\/uploads\/2024\/11\/terrazza-sol-orto-01.svg\" alt=\"\" class=\"wp-image-824 lazyload\"\/><noscript><img decoding=\"async\" width=\"150\" height=\"210\" src=\"https:\/\/terrazza.hr\/wp-content\/uploads\/2024\/11\/terrazza-sol-orto-01.svg\" alt=\"\" class=\"wp-image-824 lazyload\"\/><\/noscript><\/figure>\n\n\n\n<p><strong>A Modul 45<br><\/strong>T\u00fcren<br>45x90x70 cm<\/p>\n<\/div>\n\n\n\n<div class=\"wp-block-group is-vertical is-layout-flex wp-container-core-group-is-layout-0bc941e6 wp-block-group-is-layout-flex\">\n<figure class=\"wp-block-image size-full\"><img decoding=\"async\" src=\"data:image\/gif;base64,R0lGODlhAQABAIAAAAAAAP\/\/\/yH5BAEAAAAALAAAAAABAAEAAAIBRAA7\" data-src=\"https:\/\/terrazza.hr\/wp-content\/uploads\/2024\/11\/terrazza-sol-orto-02.svg\" alt=\"\" class=\"wp-image-826 lazyload\"\/><noscript><img decoding=\"async\" width=\"149\" height=\"209\" src=\"https:\/\/terrazza.hr\/wp-content\/uploads\/2024\/11\/terrazza-sol-orto-02.svg\" alt=\"\" class=\"wp-image-826 lazyload\"\/><\/noscript><\/figure>\n\n\n\n<p><strong>A Modul 45<br><\/strong>Schubladen<br>45x90x70 cm<\/p>\n<\/div>\n\n\n\n<div class=\"wp-block-group is-vertical is-layout-flex wp-container-core-group-is-layout-0bc941e6 wp-block-group-is-layout-flex\">\n<figure class=\"wp-block-image size-full\"><img decoding=\"async\" src=\"data:image\/gif;base64,R0lGODlhAQABAIAAAAAAAP\/\/\/yH5BAEAAAAALAAAAAABAAEAAAIBRAA7\" data-src=\"https:\/\/terrazza.hr\/wp-content\/uploads\/2024\/11\/terrazza-sol-orto-03.svg\" alt=\"\" class=\"wp-image-828 lazyload\"\/><noscript><img decoding=\"async\" width=\"185\" height=\"245\" src=\"https:\/\/terrazza.hr\/wp-content\/uploads\/2024\/11\/terrazza-sol-orto-03.svg\" alt=\"\" class=\"wp-image-828 lazyload\"\/><\/noscript><\/figure>\n\n\n\n<p><strong>B Modul 60<br><\/strong>T\u00fcren<br>60x90x70 cm<\/p>\n<\/div>\n\n\n\n<div class=\"wp-block-group is-vertical is-layout-flex wp-container-core-group-is-layout-0bc941e6 wp-block-group-is-layout-flex\">\n<figure class=\"wp-block-image size-full\"><img decoding=\"async\" src=\"data:image\/gif;base64,R0lGODlhAQABAIAAAAAAAP\/\/\/yH5BAEAAAAALAAAAAABAAEAAAIBRAA7\" data-src=\"https:\/\/terrazza.hr\/wp-content\/uploads\/2024\/11\/terrazza-sol-orto-04.svg\" alt=\"\" class=\"wp-image-830 lazyload\"\/><noscript><img decoding=\"async\" width=\"181\" height=\"237\" src=\"https:\/\/terrazza.hr\/wp-content\/uploads\/2024\/11\/terrazza-sol-orto-04.svg\" alt=\"\" class=\"wp-image-830 lazyload\"\/><\/noscript><\/figure>\n\n\n\n<p><strong>B Modul 60<br><\/strong>Schubladen<br>60x90x70 cm<\/p>\n<\/div>\n\n\n\n<div class=\"wp-block-group is-vertical is-layout-flex wp-container-core-group-is-layout-d6b9ab57 wp-block-group-is-layout-flex\">\n<figure class=\"wp-block-image size-full\"><img decoding=\"async\" src=\"data:image\/gif;base64,R0lGODlhAQABAIAAAAAAAP\/\/\/yH5BAEAAAAALAAAAAABAAEAAAIBRAA7\" data-src=\"https:\/\/terrazza.hr\/wp-content\/uploads\/2024\/11\/terrazza-sol-orto-05.svg\" alt=\"\" class=\"wp-image-832 lazyload\"\/><noscript><img decoding=\"async\" width=\"227\" height=\"263\" src=\"https:\/\/terrazza.hr\/wp-content\/uploads\/2024\/11\/terrazza-sol-orto-05.svg\" alt=\"\" class=\"wp-image-832 lazyload\"\/><\/noscript><\/figure>\n\n\n\n<p><strong>C Modul 90<br><\/strong>T\u00fcren<br>90x90x70 cm<\/p>\n<\/div>\n\n\n\n<div class=\"wp-block-group is-vertical is-layout-flex wp-container-core-group-is-layout-d6b9ab57 wp-block-group-is-layout-flex\">\n<figure class=\"wp-block-image size-full\"><img decoding=\"async\" src=\"data:image\/gif;base64,R0lGODlhAQABAIAAAAAAAP\/\/\/yH5BAEAAAAALAAAAAABAAEAAAIBRAA7\" data-src=\"https:\/\/terrazza.hr\/wp-content\/uploads\/2024\/11\/terrazza-sol-orto-06.svg\" alt=\"\" class=\"wp-image-834 lazyload\"\/><noscript><img decoding=\"async\" width=\"227\" height=\"263\" src=\"https:\/\/terrazza.hr\/wp-content\/uploads\/2024\/11\/terrazza-sol-orto-06.svg\" alt=\"\" class=\"wp-image-834 lazyload\"\/><\/noscript><\/figure>\n\n\n\n<p><strong>C Modul 90<br><\/strong>Schubladen<br>90x90x70 cm<\/p>\n<\/div>\n\n\n\n<div class=\"wp-block-group is-vertical is-layout-flex wp-container-core-group-is-layout-d6b9ab57 wp-block-group-is-layout-flex\">\n<figure class=\"wp-block-image size-full\"><img decoding=\"async\" src=\"data:image\/gif;base64,R0lGODlhAQABAIAAAAAAAP\/\/\/yH5BAEAAAAALAAAAAABAAEAAAIBRAA7\" data-src=\"https:\/\/terrazza.hr\/wp-content\/uploads\/2024\/11\/terrazza-sol-orto-07.svg\" alt=\"\" class=\"wp-image-836 lazyload\"\/><noscript><img decoding=\"async\" width=\"227\" height=\"263\" src=\"https:\/\/terrazza.hr\/wp-content\/uploads\/2024\/11\/terrazza-sol-orto-07.svg\" alt=\"\" class=\"wp-image-836 lazyload\"\/><\/noscript><\/figure>\n\n\n\n<p><strong>C Modul 90<br><\/strong>Waschbecken &amp; T\u00fcren<br>90x90x70 cm<\/p>\n<\/div>\n\n\n\n<div class=\"wp-block-group is-vertical is-layout-flex wp-container-core-group-is-layout-d6b9ab57 wp-block-group-is-layout-flex\">\n<figure class=\"wp-block-image size-full\"><img decoding=\"async\" src=\"data:image\/gif;base64,R0lGODlhAQABAIAAAAAAAP\/\/\/yH5BAEAAAAALAAAAAABAAEAAAIBRAA7\" data-src=\"https:\/\/terrazza.hr\/wp-content\/uploads\/2024\/11\/terrazza-sol-orto-08.svg\" alt=\"\" class=\"wp-image-838 lazyload\"\/><noscript><img decoding=\"async\" width=\"227\" height=\"263\" src=\"https:\/\/terrazza.hr\/wp-content\/uploads\/2024\/11\/terrazza-sol-orto-08.svg\" alt=\"\" class=\"wp-image-838 lazyload\"\/><\/noscript><\/figure>\n\n\n\n<p><strong>C Modul 90<br><\/strong>Waschbecken &amp; Schubladen<br>90x90x70 cm<\/p>\n<\/div>\n\n\n\n<div class=\"wp-block-group is-vertical is-layout-flex wp-container-core-group-is-layout-d6b9ab57 wp-block-group-is-layout-flex\">\n<figure class=\"wp-block-image size-full\"><img decoding=\"async\" src=\"data:image\/gif;base64,R0lGODlhAQABAIAAAAAAAP\/\/\/yH5BAEAAAAALAAAAAABAAEAAAIBRAA7\" data-src=\"https:\/\/terrazza.hr\/wp-content\/uploads\/2024\/11\/terrazza-sol-orto-09.svg\" alt=\"\" class=\"wp-image-840 lazyload\"\/><noscript><img decoding=\"async\" width=\"254\" height=\"283\" src=\"https:\/\/terrazza.hr\/wp-content\/uploads\/2024\/11\/terrazza-sol-orto-09.svg\" alt=\"\" class=\"wp-image-840 lazyload\"\/><\/noscript><\/figure>\n\n\n\n<p><strong>D Modul 120<br><\/strong>T\u00fcren<br>120x90x70 cm<\/p>\n<\/div>\n<\/div>\n<\/div><\/details>\n\n\n\n<details class=\"wp-block-themeisle-blocks-accordion-item\"><summary class=\"wp-block-themeisle-blocks-accordion-item__title\"><div>Merkmale<\/div><\/summary><div class=\"wp-block-themeisle-blocks-accordion-item__content\">\n<p class=\"width665\" style=\"padding-top:var(--wp--preset--spacing--60)\">Die K\u00fcche ist als modulares System konzipiert, das aus 5 Modulen bzw. 4 Grundma\u00dfen besteht, die mit T\u00fcren und Schubladen kombiniert werden k\u00f6nnen. Es gibt verschiedene M\u00f6glichkeiten, Grill und Sp\u00fcltischarmatur zu kombinieren.<\/p>\n<\/div><\/details>\n\n\n\n<details class=\"wp-block-themeisle-blocks-accordion-item\"><summary class=\"wp-block-themeisle-blocks-accordion-item__title\"><div>Materalien<\/div><\/summary><div class=\"wp-block-themeisle-blocks-accordion-item__content\">\n<div class=\"wp-block-group is-vertical is-layout-flex wp-container-core-group-is-layout-4ad84b3a wp-block-group-is-layout-flex\" style=\"padding-top:var(--wp--preset--spacing--60)\">\n<div class=\"wp-block-group is-vertical is-layout-flex wp-container-core-group-is-layout-fe9cc265 wp-block-group-is-layout-flex\">\n<p>Stein<\/p>\n\n\n\n<div class=\"wp-block-columns is-layout-flex wp-container-core-columns-is-layout-28f84493 wp-block-columns-is-layout-flex\">\n<div class=\"wp-block-column is-layout-flow wp-block-column-is-layout-flow\">\n<figure class=\"wp-block-image size-large is-resized\"><img decoding=\"async\" src=\"data:image\/gif;base64,R0lGODlhAQABAIAAAAAAAP\/\/\/yH5BAEAAAAALAAAAAABAAEAAAIBRAA7\" data-src=\"https:\/\/terrazza.hr\/wp-content\/uploads\/2024\/11\/material-sol-kanfanar-1024x717.jpeg\" alt=\"\" class=\"wp-image-850 lazyload\" style=\"object-fit:cover;width:275px;height:90px\"\/><noscript><img decoding=\"async\" width=\"1024\" height=\"717\" src=\"https:\/\/terrazza.hr\/wp-content\/uploads\/2024\/11\/material-sol-kanfanar-1024x717.jpeg\" alt=\"\" class=\"wp-image-850 lazyload\" style=\"object-fit:cover;width:275px;height:90px\" srcset=\"https:\/\/terrazza.hr\/wp-content\/uploads\/2024\/11\/material-sol-kanfanar-1024x717.jpeg 1024w, https:\/\/terrazza.hr\/wp-content\/uploads\/2024\/11\/material-sol-kanfanar-300x210.jpeg 300w, https:\/\/terrazza.hr\/wp-content\/uploads\/2024\/11\/material-sol-kanfanar-768x538.jpeg 768w, https:\/\/terrazza.hr\/wp-content\/uploads\/2024\/11\/material-sol-kanfanar-1536x1075.jpeg 1536w, https:\/\/terrazza.hr\/wp-content\/uploads\/2024\/11\/material-sol-kanfanar-scaled.jpeg 1920w\" sizes=\"(max-width: 1024px) 100vw, 1024px\" \/><\/noscript><\/figure>\n\n\n\n<p class=\"has-small-font-size\">Kanfanar Blau<\/p>\n<\/div>\n\n\n\n<div class=\"wp-block-column is-layout-flow wp-block-column-is-layout-flow\">\n<figure class=\"wp-block-image size-large is-resized\"><img decoding=\"async\" src=\"data:image\/gif;base64,R0lGODlhAQABAIAAAAAAAP\/\/\/yH5BAEAAAAALAAAAAABAAEAAAIBRAA7\" data-src=\"https:\/\/terrazza.hr\/wp-content\/uploads\/2024\/11\/material-sol-kanfanar-blue-1024x717.jpeg\" alt=\"\" class=\"wp-image-848 lazyload\" style=\"object-fit:cover;width:275px;height:90px\"\/><noscript><img decoding=\"async\" width=\"1024\" height=\"717\" src=\"https:\/\/terrazza.hr\/wp-content\/uploads\/2024\/11\/material-sol-kanfanar-blue-1024x717.jpeg\" alt=\"\" class=\"wp-image-848 lazyload\" style=\"object-fit:cover;width:275px;height:90px\" srcset=\"https:\/\/terrazza.hr\/wp-content\/uploads\/2024\/11\/material-sol-kanfanar-blue-1024x717.jpeg 1024w, https:\/\/terrazza.hr\/wp-content\/uploads\/2024\/11\/material-sol-kanfanar-blue-300x210.jpeg 300w, https:\/\/terrazza.hr\/wp-content\/uploads\/2024\/11\/material-sol-kanfanar-blue-768x538.jpeg 768w, https:\/\/terrazza.hr\/wp-content\/uploads\/2024\/11\/material-sol-kanfanar-blue-1536x1075.jpeg 1536w, https:\/\/terrazza.hr\/wp-content\/uploads\/2024\/11\/material-sol-kanfanar-blue-scaled.jpeg 1920w\" sizes=\"(max-width: 1024px) 100vw, 1024px\" \/><\/noscript><\/figure>\n\n\n\n<p class=\"has-small-font-size\">Kanfanar<\/p>\n<\/div>\n\n\n\n<div class=\"wp-block-column is-layout-flow wp-block-column-is-layout-flow\">\n<figure class=\"wp-block-image size-large is-resized\"><img decoding=\"async\" src=\"data:image\/gif;base64,R0lGODlhAQABAIAAAAAAAP\/\/\/yH5BAEAAAAALAAAAAABAAEAAAIBRAA7\" data-src=\"https:\/\/terrazza.hr\/wp-content\/uploads\/2024\/11\/material-sol-slina-light-1024x717.jpeg\" alt=\"\" class=\"wp-image-854 lazyload\" style=\"object-fit:cover;width:275px;height:90px\"\/><noscript><img decoding=\"async\" width=\"1024\" height=\"717\" src=\"https:\/\/terrazza.hr\/wp-content\/uploads\/2024\/11\/material-sol-slina-light-1024x717.jpeg\" alt=\"\" class=\"wp-image-854 lazyload\" style=\"object-fit:cover;width:275px;height:90px\" srcset=\"https:\/\/terrazza.hr\/wp-content\/uploads\/2024\/11\/material-sol-slina-light-1024x717.jpeg 1024w, https:\/\/terrazza.hr\/wp-content\/uploads\/2024\/11\/material-sol-slina-light-300x210.jpeg 300w, https:\/\/terrazza.hr\/wp-content\/uploads\/2024\/11\/material-sol-slina-light-768x538.jpeg 768w, https:\/\/terrazza.hr\/wp-content\/uploads\/2024\/11\/material-sol-slina-light-1536x1075.jpeg 1536w, https:\/\/terrazza.hr\/wp-content\/uploads\/2024\/11\/material-sol-slina-light-scaled.jpeg 1920w\" sizes=\"(max-width: 1024px) 100vw, 1024px\" \/><\/noscript><\/figure>\n\n\n\n<p class=\"has-small-font-size\">Selina Licht<\/p>\n<\/div>\n<\/div>\n<\/div>\n\n\n\n<div class=\"wp-block-group is-vertical is-layout-flex wp-container-core-group-is-layout-421549ea wp-block-group-is-layout-flex\" style=\"padding-top:var(--wp--preset--spacing--20);padding-bottom:var(--wp--preset--spacing--20)\">\n<p>Farben<\/p>\n\n\n\n<div class=\"wp-block-columns is-layout-flex wp-container-core-columns-is-layout-28f84493 wp-block-columns-is-layout-flex\">\n<div class=\"wp-block-column is-layout-flow wp-block-column-is-layout-flow\">\n<figure class=\"wp-block-image size-large is-resized wp-duotone-rgb188164148-rgb188164148-1\"><img decoding=\"async\" src=\"data:image\/gif;base64,R0lGODlhAQABAIAAAAAAAP\/\/\/yH5BAEAAAAALAAAAAABAAEAAAIBRAA7\" data-src=\"https:\/\/terrazza.hr\/wp-content\/uploads\/2024\/11\/material-sol-kanfanar-1024x717.jpeg\" alt=\"\" class=\"wp-image-850 lazyload\" style=\"object-fit:cover;width:275px;height:90px\"\/><noscript><img decoding=\"async\" width=\"1024\" height=\"717\" src=\"https:\/\/terrazza.hr\/wp-content\/uploads\/2024\/11\/material-sol-kanfanar-1024x717.jpeg\" alt=\"\" class=\"wp-image-850 lazyload\" style=\"object-fit:cover;width:275px;height:90px\" srcset=\"https:\/\/terrazza.hr\/wp-content\/uploads\/2024\/11\/material-sol-kanfanar-1024x717.jpeg 1024w, https:\/\/terrazza.hr\/wp-content\/uploads\/2024\/11\/material-sol-kanfanar-300x210.jpeg 300w, https:\/\/terrazza.hr\/wp-content\/uploads\/2024\/11\/material-sol-kanfanar-768x538.jpeg 768w, https:\/\/terrazza.hr\/wp-content\/uploads\/2024\/11\/material-sol-kanfanar-1536x1075.jpeg 1536w, https:\/\/terrazza.hr\/wp-content\/uploads\/2024\/11\/material-sol-kanfanar-scaled.jpeg 1920w\" sizes=\"(max-width: 1024px) 100vw, 1024px\" \/><\/noscript><\/figure>\n\n\n\n<p class=\"has-small-font-size\">Beige<\/p>\n<\/div>\n\n\n\n<div class=\"wp-block-column is-layout-flow wp-block-column-is-layout-flow\">\n<figure class=\"wp-block-image size-large is-resized wp-duotone-rgb216204192-rgb216204192-2\"><img decoding=\"async\" src=\"data:image\/gif;base64,R0lGODlhAQABAIAAAAAAAP\/\/\/yH5BAEAAAAALAAAAAABAAEAAAIBRAA7\" data-src=\"https:\/\/terrazza.hr\/wp-content\/uploads\/2024\/11\/material-sol-kanfanar-blue-1024x717.jpeg\" alt=\"\" class=\"wp-image-848 lazyload\" style=\"object-fit:cover;width:275px;height:90px\"\/><noscript><img decoding=\"async\" width=\"1024\" height=\"717\" src=\"https:\/\/terrazza.hr\/wp-content\/uploads\/2024\/11\/material-sol-kanfanar-blue-1024x717.jpeg\" alt=\"\" class=\"wp-image-848 lazyload\" style=\"object-fit:cover;width:275px;height:90px\" srcset=\"https:\/\/terrazza.hr\/wp-content\/uploads\/2024\/11\/material-sol-kanfanar-blue-1024x717.jpeg 1024w, https:\/\/terrazza.hr\/wp-content\/uploads\/2024\/11\/material-sol-kanfanar-blue-300x210.jpeg 300w, https:\/\/terrazza.hr\/wp-content\/uploads\/2024\/11\/material-sol-kanfanar-blue-768x538.jpeg 768w, https:\/\/terrazza.hr\/wp-content\/uploads\/2024\/11\/material-sol-kanfanar-blue-1536x1075.jpeg 1536w, https:\/\/terrazza.hr\/wp-content\/uploads\/2024\/11\/material-sol-kanfanar-blue-scaled.jpeg 1920w\" sizes=\"(max-width: 1024px) 100vw, 1024px\" \/><\/noscript><\/figure>\n\n\n\n<p class=\"has-small-font-size\">Sand Beige<\/p>\n<\/div>\n\n\n\n<div class=\"wp-block-column is-layout-flow wp-block-column-is-layout-flow\">\n<figure class=\"wp-block-image size-large is-resized wp-duotone-rgb158146137-rgb158146137-3\"><img decoding=\"async\" src=\"data:image\/gif;base64,R0lGODlhAQABAIAAAAAAAP\/\/\/yH5BAEAAAAALAAAAAABAAEAAAIBRAA7\" data-src=\"https:\/\/terrazza.hr\/wp-content\/uploads\/2024\/11\/material-sol-slina-light-1024x717.jpeg\" alt=\"\" class=\"wp-image-854 lazyload\" style=\"object-fit:cover;width:275px;height:90px\"\/><noscript><img decoding=\"async\" width=\"1024\" height=\"717\" src=\"https:\/\/terrazza.hr\/wp-content\/uploads\/2024\/11\/material-sol-slina-light-1024x717.jpeg\" alt=\"\" class=\"wp-image-854 lazyload\" style=\"object-fit:cover;width:275px;height:90px\" srcset=\"https:\/\/terrazza.hr\/wp-content\/uploads\/2024\/11\/material-sol-slina-light-1024x717.jpeg 1024w, https:\/\/terrazza.hr\/wp-content\/uploads\/2024\/11\/material-sol-slina-light-300x210.jpeg 300w, https:\/\/terrazza.hr\/wp-content\/uploads\/2024\/11\/material-sol-slina-light-768x538.jpeg 768w, https:\/\/terrazza.hr\/wp-content\/uploads\/2024\/11\/material-sol-slina-light-1536x1075.jpeg 1536w, https:\/\/terrazza.hr\/wp-content\/uploads\/2024\/11\/material-sol-slina-light-scaled.jpeg 1920w\" sizes=\"(max-width: 1024px) 100vw, 1024px\" \/><\/noscript><\/figure>\n\n\n\n<p class=\"has-small-font-size\">Steingrau<\/p>\n<\/div>\n<\/div>\n<\/div>\n\n\n\n<div class=\"wp-block-group is-vertical is-layout-flex wp-container-core-group-is-layout-fe9cc265 wp-block-group-is-layout-flex\">\n<p>Massivholz<\/p>\n\n\n\n<figure class=\"wp-block-image size-full is-resized\"><img decoding=\"async\" src=\"data:image\/gif;base64,R0lGODlhAQABAIAAAAAAAP\/\/\/yH5BAEAAAAALAAAAAABAAEAAAIBRAA7\" data-src=\"https:\/\/terrazza.hr\/wp-content\/uploads\/2024\/11\/material-sol-oak.jpeg\" alt=\"\" class=\"wp-image-852 lazyload\" style=\"object-fit:cover;width:275px;height:90px\"\/><noscript><img decoding=\"async\" width=\"564\" height=\"504\" src=\"https:\/\/terrazza.hr\/wp-content\/uploads\/2024\/11\/material-sol-oak.jpeg\" alt=\"\" class=\"wp-image-852 lazyload\" style=\"object-fit:cover;width:275px;height:90px\" srcset=\"https:\/\/terrazza.hr\/wp-content\/uploads\/2024\/11\/material-sol-oak.jpeg 564w, https:\/\/terrazza.hr\/wp-content\/uploads\/2024\/11\/material-sol-oak-300x268.jpeg 300w\" sizes=\"(max-width: 564px) 100vw, 564px\" \/><\/noscript><\/figure>\n\n\n\n<p class=\"has-small-font-size\">Eiche<\/p>\n<\/div>\n<\/div>\n<\/div><\/details>\n\n\n\n<details class=\"wp-block-themeisle-blocks-accordion-item\"><summary class=\"wp-block-themeisle-blocks-accordion-item__title\"><div>Pflege &amp; Wartung<\/div><\/summary><div class=\"wp-block-themeisle-blocks-accordion-item__content\">\n<p class=\"width665\" style=\"padding-top:var(--wp--preset--spacing--60)\">Die K\u00fcche sollte idealerweise in einem \u00fcberdachten Bereich installiert und genutzt werden, da direkte Sonneneinstrahlung und raues Wetter, einschlie\u00dflich Regen, das Aussehen von Eichen- und Steinelementen ver\u00e4ndern k\u00f6nnen.<br><br>EICHE OBERFL\u00c4CHEN<br>Regelm\u00e4\u00dfig mit einem weichen, feuchten Tuch abwischen. Vermeiden Sie aggressive Chemikalien oder scheuernde Reinigungsmittel, die die sch\u00fctzenden Oberfl\u00e4chenbehandlungen entfernen k\u00f6nnen. Tragen Sie regelm\u00e4\u00dfig Holz\u00f6l auf, um die nat\u00fcrliche Sch\u00f6nheit der Eiche zu erhalten und zu sch\u00fctzen.<br><br>STEIN OBERFL\u00c4CHEN<br>Mit mildem Seifenwasser reinigen. Vermeiden Sie saure oder abrasive Reinigungsmittel, die die Oberfl\u00e4che besch\u00e4digen k\u00f6nnten. Versiegeln Sie den Stein alle 6-12 Monate, um Flecken zu verhindern und vor Wettereinfl\u00fcssen zu sch\u00fctzen.<br><br>JAHRESZEITLICHE PFLEGE<br>In den k\u00e4lteren Monaten oder w\u00e4hrend Phasen der Nichtnutzung decken Sie die K\u00fcche mit einer atmungsaktiven Abdeckung ab, um Feuchtigkeitsansammlungen und witterungsbedingte Abnutzung zu verhindern.<\/p>\n<\/div><\/details>\n<\/div>\n<\/div>\n\n\n\n<hr class=\"wp-block-separator alignwide has-text-color has-alpha-channel-opacity has-background\" style=\"margin-top:0px;margin-bottom:0px;background-color:#808080;color:#808080\"\/>\n\n\n\n<div class=\"wp-block-group has-global-padding is-layout-constrained wp-block-group-is-layout-constrained\">\n<h2 class=\"wp-block-heading width1370 UpMargin ProductNameH2\">Hergestellt aus lokal bezogenem Eichenholz und Stein, ist Sol eine modulare Outdoor-K\u00fcche, inspiriert von der Tradition der mediterranen Handwerkskunst und dem Genuss.<\/h2>\n<\/div>\n\n\n\n<div class=\"wp-block-group alignwide ImagesBlock ticss-bee23a6f has-global-padding is-layout-constrained wp-block-group-is-layout-constrained\">\n<div class=\"wp-block-group SmallNavMargin has-global-padding is-layout-constrained wp-block-group-is-layout-constrained\">\n<figure class=\"wp-block-image alignwide size-full\"><img decoding=\"async\" src=\"data:image\/gif;base64,R0lGODlhAQABAIAAAAAAAP\/\/\/yH5BAEAAAAALAAAAAABAAEAAAIBRAA7\" data-src=\"https:\/\/terrazza.hr\/wp-content\/uploads\/2024\/11\/terrazza-sol-5.jpg\" alt=\"\" class=\"wp-image-895 lazyload\"\/><noscript><img decoding=\"async\" width=\"1920\" height=\"1280\" src=\"https:\/\/terrazza.hr\/wp-content\/uploads\/2024\/11\/terrazza-sol-5.jpg\" alt=\"\" class=\"wp-image-895 lazyload\" srcset=\"https:\/\/terrazza.hr\/wp-content\/uploads\/2024\/11\/terrazza-sol-5.jpg 1920w, https:\/\/terrazza.hr\/wp-content\/uploads\/2024\/11\/terrazza-sol-5-300x200.jpg 300w, https:\/\/terrazza.hr\/wp-content\/uploads\/2024\/11\/terrazza-sol-5-1024x683.jpg 1024w, https:\/\/terrazza.hr\/wp-content\/uploads\/2024\/11\/terrazza-sol-5-768x512.jpg 768w, https:\/\/terrazza.hr\/wp-content\/uploads\/2024\/11\/terrazza-sol-5-1536x1024.jpg 1536w\" sizes=\"(max-width: 1920px) 100vw, 1920px\" \/><\/noscript><\/figure>\n\n\n\n<figure class=\"wp-block-image size-full Sol2 ticss-661b0d73\"><img decoding=\"async\" src=\"data:image\/gif;base64,R0lGODlhAQABAIAAAAAAAP\/\/\/yH5BAEAAAAALAAAAAABAAEAAAIBRAA7\" data-src=\"https:\/\/terrazza.hr\/wp-content\/uploads\/2024\/12\/Terrazza-236-social-final-scaled.jpg\" alt=\"\" class=\"wp-image-1906 lazyload\" style=\"aspect-ratio:1;object-fit:cover\"\/><noscript><img decoding=\"async\" width=\"1280\" height=\"1920\" src=\"https:\/\/terrazza.hr\/wp-content\/uploads\/2024\/12\/Terrazza-236-social-final-scaled.jpg\" alt=\"\" class=\"wp-image-1906 lazyload\" style=\"aspect-ratio:1;object-fit:cover\" srcset=\"https:\/\/terrazza.hr\/wp-content\/uploads\/2024\/12\/Terrazza-236-social-final-scaled.jpg 1280w, https:\/\/terrazza.hr\/wp-content\/uploads\/2024\/12\/Terrazza-236-social-final-200x300.jpg 200w, https:\/\/terrazza.hr\/wp-content\/uploads\/2024\/12\/Terrazza-236-social-final-683x1024.jpg 683w, https:\/\/terrazza.hr\/wp-content\/uploads\/2024\/12\/Terrazza-236-social-final-768x1152.jpg 768w, https:\/\/terrazza.hr\/wp-content\/uploads\/2024\/12\/Terrazza-236-social-final-1024x1536.jpg 1024w, https:\/\/terrazza.hr\/wp-content\/uploads\/2024\/12\/Terrazza-236-social-final-1366x2048.jpg 1366w\" sizes=\"(max-width: 1280px) 100vw, 1280px\" \/><\/noscript><\/figure>\n\n\n\n<figure class=\"wp-block-image alignwide size-full ticss-b9fb508a Sol3\"><img decoding=\"async\" src=\"data:image\/gif;base64,R0lGODlhAQABAIAAAAAAAP\/\/\/yH5BAEAAAAALAAAAAABAAEAAAIBRAA7\" data-src=\"https:\/\/terrazza.hr\/wp-content\/uploads\/2024\/11\/terrazza-sol-16.jpg\" alt=\"\" class=\"wp-image-908 lazyload\"\/><noscript><img decoding=\"async\" width=\"1920\" height=\"1280\" src=\"https:\/\/terrazza.hr\/wp-content\/uploads\/2024\/11\/terrazza-sol-16.jpg\" alt=\"\" class=\"wp-image-908 lazyload\" srcset=\"https:\/\/terrazza.hr\/wp-content\/uploads\/2024\/11\/terrazza-sol-16.jpg 1920w, https:\/\/terrazza.hr\/wp-content\/uploads\/2024\/11\/terrazza-sol-16-300x200.jpg 300w, https:\/\/terrazza.hr\/wp-content\/uploads\/2024\/11\/terrazza-sol-16-1024x683.jpg 1024w, https:\/\/terrazza.hr\/wp-content\/uploads\/2024\/11\/terrazza-sol-16-768x512.jpg 768w, https:\/\/terrazza.hr\/wp-content\/uploads\/2024\/11\/terrazza-sol-16-1536x1024.jpg 1536w\" sizes=\"(max-width: 1920px) 100vw, 1920px\" \/><\/noscript><\/figure>\n<\/div>\n\n\n\n<div class=\"wp-block-columns BlockColumns ticss-0e44acaf is-layout-flex wp-container-core-columns-is-layout-28f84493 wp-block-columns-is-layout-flex\">\n<div class=\"wp-block-column is-layout-flow wp-block-column-is-layout-flow\">\n<figure class=\"wp-block-image size-full\"><img decoding=\"async\" src=\"data:image\/gif;base64,R0lGODlhAQABAIAAAAAAAP\/\/\/yH5BAEAAAAALAAAAAABAAEAAAIBRAA7\" data-src=\"https:\/\/terrazza.hr\/wp-content\/uploads\/2024\/11\/terrazza-sol-11.jpg\" alt=\"\" class=\"wp-image-921 lazyload\"\/><noscript><img decoding=\"async\" width=\"1280\" height=\"1920\" src=\"https:\/\/terrazza.hr\/wp-content\/uploads\/2024\/11\/terrazza-sol-11.jpg\" alt=\"\" class=\"wp-image-921 lazyload\" srcset=\"https:\/\/terrazza.hr\/wp-content\/uploads\/2024\/11\/terrazza-sol-11.jpg 1280w, https:\/\/terrazza.hr\/wp-content\/uploads\/2024\/11\/terrazza-sol-11-200x300.jpg 200w, https:\/\/terrazza.hr\/wp-content\/uploads\/2024\/11\/terrazza-sol-11-683x1024.jpg 683w, https:\/\/terrazza.hr\/wp-content\/uploads\/2024\/11\/terrazza-sol-11-768x1152.jpg 768w, https:\/\/terrazza.hr\/wp-content\/uploads\/2024\/11\/terrazza-sol-11-1024x1536.jpg 1024w\" sizes=\"(max-width: 1280px) 100vw, 1280px\" \/><\/noscript><\/figure>\n<\/div>\n\n\n\n<div class=\"wp-block-column is-layout-flow wp-block-column-is-layout-flow\">\n<h2 class=\"wp-block-heading ProductNameH2\">Verst\u00e4rkt mit Stahlrahmen ist Sol robust und gleichzeitig elegant, wodurch sie in Outdoor-Bedingungen langlebig bleibt.<\/h2>\n<\/div>\n<\/div>\n\n\n\n<figure class=\"wp-block-image size-full Sol5\"><img decoding=\"async\" src=\"data:image\/gif;base64,R0lGODlhAQABAIAAAAAAAP\/\/\/yH5BAEAAAAALAAAAAABAAEAAAIBRAA7\" data-src=\"https:\/\/terrazza.hr\/wp-content\/uploads\/2024\/11\/Terrazza-final-010-edited-scaled.jpg\" alt=\"\" class=\"wp-image-918 lazyload\" style=\"aspect-ratio:1;object-fit:cover\"\/><noscript><img decoding=\"async\" width=\"1920\" height=\"1920\" src=\"https:\/\/terrazza.hr\/wp-content\/uploads\/2024\/11\/Terrazza-final-010-edited-scaled.jpg\" alt=\"\" class=\"wp-image-918 lazyload\" style=\"aspect-ratio:1;object-fit:cover\" srcset=\"https:\/\/terrazza.hr\/wp-content\/uploads\/2024\/11\/Terrazza-final-010-edited-scaled.jpg 1920w, https:\/\/terrazza.hr\/wp-content\/uploads\/2024\/11\/Terrazza-final-010-edited-300x300.jpg 300w, https:\/\/terrazza.hr\/wp-content\/uploads\/2024\/11\/Terrazza-final-010-edited-1024x1024.jpg 1024w, https:\/\/terrazza.hr\/wp-content\/uploads\/2024\/11\/Terrazza-final-010-edited-150x150.jpg 150w, https:\/\/terrazza.hr\/wp-content\/uploads\/2024\/11\/Terrazza-final-010-edited-768x768.jpg 768w, https:\/\/terrazza.hr\/wp-content\/uploads\/2024\/11\/Terrazza-final-010-edited-1536x1536.jpg 1536w, https:\/\/terrazza.hr\/wp-content\/uploads\/2024\/11\/Terrazza-final-010-edited-2048x2048.jpg 2048w\" sizes=\"(max-width: 1920px) 100vw, 1920px\" \/><\/noscript><\/figure>\n\n\n\n<figure class=\"wp-block-image alignwide size-full\"><img decoding=\"async\" src=\"data:image\/gif;base64,R0lGODlhAQABAIAAAAAAAP\/\/\/yH5BAEAAAAALAAAAAABAAEAAAIBRAA7\" data-src=\"https:\/\/terrazza.hr\/wp-content\/uploads\/2024\/11\/terrazza-sol-3-edited.jpg\" alt=\"\" class=\"wp-image-914 lazyload\"\/><noscript><img decoding=\"async\" width=\"1280\" height=\"1281\" src=\"https:\/\/terrazza.hr\/wp-content\/uploads\/2024\/11\/terrazza-sol-3-edited.jpg\" alt=\"\" class=\"wp-image-914 lazyload\" srcset=\"https:\/\/terrazza.hr\/wp-content\/uploads\/2024\/11\/terrazza-sol-3-edited.jpg 1280w, https:\/\/terrazza.hr\/wp-content\/uploads\/2024\/11\/terrazza-sol-3-edited-300x300.jpg 300w, https:\/\/terrazza.hr\/wp-content\/uploads\/2024\/11\/terrazza-sol-3-edited-1024x1024.jpg 1024w, https:\/\/terrazza.hr\/wp-content\/uploads\/2024\/11\/terrazza-sol-3-edited-150x150.jpg 150w, https:\/\/terrazza.hr\/wp-content\/uploads\/2024\/11\/terrazza-sol-3-edited-768x769.jpg 768w\" sizes=\"(max-width: 1280px) 100vw, 1280px\" \/><\/noscript><\/figure>\n<\/div>\n\n\n\n<div class=\"wp-block-group has-global-padding is-layout-constrained wp-block-group-is-layout-constrained\" style=\"border-top-width:1px;margin-top:var(--wp--preset--spacing--30);margin-bottom:var(--wp--preset--spacing--30);padding-top:var(--wp--preset--spacing--20);padding-bottom:var(--wp--preset--spacing--20)\">\n<p class=\"DownMargin SmallNavMargin\">WEITERE INFORMATIONEN ANFORDERN<\/p>\n\n\n\n<div class=\"wp-block-columns is-layout-flex wp-container-core-columns-is-layout-28f84493 wp-block-columns-is-layout-flex\">\n<div class=\"wp-block-column is-vertically-aligned-center is-layout-flow wp-block-column-is-layout-flow\">\n<p>Interessiert an diesem einzigartigen St\u00fcck? Kontaktieren Sie uns f\u00fcr weitere Details, Anpassungsoptionen und Preisangaben. Wir sind gerne f\u00fcr Sie da, um die perfekte L\u00f6sung f\u00fcr Ihren Raum zu finden.<\/p>\n<\/div>\n\n\n\n<div class=\"wp-block-column is-vertically-aligned-top is-layout-flow wp-block-column-is-layout-flow\">\n<div class=\"wp-block-buttons is-layout-flex wp-block-buttons-is-layout-flex\">\n<div class=\"wp-block-button has-custom-width wp-block-button__width-100\"><a class=\"wp-block-button__link wp-element-button\" href=\"https:\/\/terrazza.hr\/de\/contact\/\" style=\"border-radius:0px;text-transform:capitalize\">Kontaktieren Sie uns<\/a><\/div>\n<\/div>\n<\/div>\n<\/div>\n<\/div>\n\n\n\n<div class=\"wp-block-group alignfull OtherProducts has-custom-gray-background-color has-background has-global-padding is-layout-constrained wp-block-group-is-layout-constrained\" style=\"margin-top:0px;margin-bottom:0px;padding-top:var(--wp--preset--spacing--20);padding-bottom:var(--wp--preset--spacing--20)\">\n<p class=\"DownMargin SmallNavMargin\">ANDERE PRODUKTE<\/p>\n\n\n\n<div class=\"wp-block-columns is-not-stacked-on-mobile OtherProducts ticss-28d85429 is-layout-flex wp-container-core-columns-is-layout-00ff1643 wp-block-columns-is-layout-flex\" style=\"margin-bottom:var(--wp--preset--spacing--20)\">\n<div class=\"wp-block-column is-layout-flow wp-block-column-is-layout-flow\">\n<figure class=\"wp-block-image size-large ProductPhoto\"><a href=\"https:\/\/terrazza.hr\/de\/limoni-kitchen\/\"><img decoding=\"async\" src=\"data:image\/gif;base64,R0lGODlhAQABAIAAAAAAAP\/\/\/yH5BAEAAAAALAAAAAABAAEAAAIBRAA7\" data-src=\"https:\/\/terrazza.hr\/wp-content\/uploads\/2024\/11\/terrazza-limoni-3-edited.jpg\" alt=\"\" class=\"wp-image-815 lazyload\"\/><noscript><img decoding=\"async\" width=\"1708\" height=\"1280\" src=\"https:\/\/terrazza.hr\/wp-content\/uploads\/2024\/11\/terrazza-limoni-3-edited.jpg\" alt=\"\" class=\"wp-image-815 lazyload\" srcset=\"https:\/\/terrazza.hr\/wp-content\/uploads\/2024\/11\/terrazza-limoni-3-edited.jpg 1708w, https:\/\/terrazza.hr\/wp-content\/uploads\/2024\/11\/terrazza-limoni-3-edited-300x225.jpg 300w, https:\/\/terrazza.hr\/wp-content\/uploads\/2024\/11\/terrazza-limoni-3-edited-1024x767.jpg 1024w, https:\/\/terrazza.hr\/wp-content\/uploads\/2024\/11\/terrazza-limoni-3-edited-768x576.jpg 768w, https:\/\/terrazza.hr\/wp-content\/uploads\/2024\/11\/terrazza-limoni-3-edited-1536x1151.jpg 1536w\" sizes=\"(max-width: 1708px) 100vw, 1708px\" \/><\/noscript><\/a><\/figure>\n\n\n\n<div class=\"wp-block-group is-content-justification-space-between is-nowrap is-layout-flex wp-container-core-group-is-layout-cb46ffcb wp-block-group-is-layout-flex\">\n<h2 class=\"wp-block-heading\"><a href=\"https:\/\/terrazza.hr\/de\/limoni-kitchen\/\" data-type=\"page\" data-id=\"1455\">Limoni Sammlung<\/a><\/h2>\n\n\n\n<figure class=\"wp-block-image size-full Arrow\"><a href=\"https:\/\/terrazza.hr\/de\/limoni-kitchen\/\"><img decoding=\"async\" src=\"data:image\/gif;base64,R0lGODlhAQABAIAAAAAAAP\/\/\/yH5BAEAAAAALAAAAAABAAEAAAIBRAA7\" data-src=\"https:\/\/terrazza.hr\/wp-content\/uploads\/2024\/10\/Shape.svg\" alt=\"\" class=\"wp-image-427 lazyload\"\/><noscript><img decoding=\"async\" width=\"61\" height=\"60\" src=\"https:\/\/terrazza.hr\/wp-content\/uploads\/2024\/10\/Shape.svg\" alt=\"\" class=\"wp-image-427 lazyload\"\/><\/noscript><\/a><\/figure>\n<\/div>\n<\/div>\n\n\n\n<div class=\"wp-block-column is-layout-flow wp-block-column-is-layout-flow\">\n<figure class=\"wp-block-image size-large ProductPhoto\"><a href=\"https:\/\/terrazza.hr\/de\/milkme-stool\/\"><img decoding=\"async\" src=\"data:image\/gif;base64,R0lGODlhAQABAIAAAAAAAP\/\/\/yH5BAEAAAAALAAAAAABAAEAAAIBRAA7\" data-src=\"https:\/\/terrazza.hr\/wp-content\/uploads\/2024\/11\/terrazza-milkme-1-edited.jpg\" alt=\"\" class=\"wp-image-808 lazyload\"\/><noscript><img decoding=\"async\" width=\"1280\" height=\"960\" src=\"https:\/\/terrazza.hr\/wp-content\/uploads\/2024\/11\/terrazza-milkme-1-edited.jpg\" alt=\"\" class=\"wp-image-808 lazyload\" srcset=\"https:\/\/terrazza.hr\/wp-content\/uploads\/2024\/11\/terrazza-milkme-1-edited.jpg 1280w, https:\/\/terrazza.hr\/wp-content\/uploads\/2024\/11\/terrazza-milkme-1-edited-300x225.jpg 300w, https:\/\/terrazza.hr\/wp-content\/uploads\/2024\/11\/terrazza-milkme-1-edited-1024x768.jpg 1024w, https:\/\/terrazza.hr\/wp-content\/uploads\/2024\/11\/terrazza-milkme-1-edited-768x576.jpg 768w\" sizes=\"(max-width: 1280px) 100vw, 1280px\" \/><\/noscript><\/a><\/figure>\n\n\n\n<div class=\"wp-block-group is-content-justification-space-between is-nowrap is-layout-flex wp-container-core-group-is-layout-cb46ffcb wp-block-group-is-layout-flex\">\n<h2 class=\"wp-block-heading\"><a href=\"https:\/\/terrazza.hr\/de\/milkme-stool\/\" data-type=\"page\" data-id=\"1461\">MILKme<\/a><\/h2>\n\n\n\n<figure class=\"wp-block-image size-full Arrow\"><a href=\"https:\/\/terrazza.hr\/de\/milkme-stool\/\"><img decoding=\"async\" src=\"data:image\/gif;base64,R0lGODlhAQABAIAAAAAAAP\/\/\/yH5BAEAAAAALAAAAAABAAEAAAIBRAA7\" data-src=\"https:\/\/terrazza.hr\/wp-content\/uploads\/2024\/10\/Shape.svg\" alt=\"\" class=\"wp-image-427 lazyload\"\/><noscript><img decoding=\"async\" width=\"61\" height=\"60\" src=\"https:\/\/terrazza.hr\/wp-content\/uploads\/2024\/10\/Shape.svg\" alt=\"\" class=\"wp-image-427 lazyload\"\/><\/noscript><\/a><\/figure>\n<\/div>\n<\/div>\n<\/div>\n<\/div>\n","protected":false},"excerpt":{"rendered":"<p>Sol \/ Konfigurieren Hergestellt aus lokal bezogenem Eichenholz und Stein, ist Sol eine modulare Outdoor-K\u00fcche, inspiriert von der Tradition der mediterranen Handwerkskunst und dem Genuss. Verst\u00e4rkt mit Stahlrahmen ist Sol robust und gleichzeitig elegant, wodurch sie in Outdoor-Bedingungen langlebig bleibt. WEITERE INFORMATIONEN ANFORDERN Interessiert an diesem einzigartigen St\u00fcck? Kontaktieren Sie uns f\u00fcr weitere Details, Anpassungsoptionen [&hellip;]<\/p>\n","protected":false},"author":1,"featured_media":0,"parent":0,"menu_order":0,"comment_status":"closed","ping_status":"closed","template":"page-no-title","meta":{"_themeisle_gutenberg_block_has_review":false,"footnotes":""},"class_list":["post-1471","page","type-page","status-publish","hentry"],"_links":{"self":[{"href":"https:\/\/terrazza.hr\/de\/wp-json\/wp\/v2\/pages\/1471","targetHints":{"allow":["GET"]}}],"collection":[{"href":"https:\/\/terrazza.hr\/de\/wp-json\/wp\/v2\/pages"}],"about":[{"href":"https:\/\/terrazza.hr\/de\/wp-json\/wp\/v2\/types\/page"}],"author":[{"embeddable":true,"href":"https:\/\/terrazza.hr\/de\/wp-json\/wp\/v2\/users\/1"}],"replies":[{"embeddable":true,"href":"https:\/\/terrazza.hr\/de\/wp-json\/wp\/v2\/comments?post=1471"}],"version-history":[{"count":10,"href":"https:\/\/terrazza.hr\/de\/wp-json\/wp\/v2\/pages\/1471\/revisions"}],"predecessor-version":[{"id":2230,"href":"https:\/\/terrazza.hr\/de\/wp-json\/wp\/v2\/pages\/1471\/revisions\/2230"}],"wp:attachment":[{"href":"https:\/\/terrazza.hr\/de\/wp-json\/wp\/v2\/media?parent=1471"}],"curies":[{"name":"wp","href":"https:\/\/api.w.org\/{rel}","templated":true}]}}